{"id":1558,"date":"2022-01-05T12:09:25","date_gmt":"2022-01-05T11:09:25","guid":{"rendered":"https:\/\/www.stilobjekt.com\/?page_id=1558"},"modified":"2024-08-12T09:53:30","modified_gmt":"2024-08-12T07:53:30","slug":"impressum","status":"publish","type":"page","link":"https:\/\/www.stilobjekt.com\/en\/impressum\/","title":{"rendered":"Impressum"},"content":{"rendered":"<p><div class=\"fusion-fullwidth fullwidth-box fusion-builder-row-1 fusion-flex-container nonhundred-percent-fullwidth non-hundred-percent-height-scrolling\" style=\"--awb-border-radius-top-left:0px;--awb-border-radius-top-right:0px;--awb-border-radius-bottom-right:0px;--awb-border-radius-bottom-left:0px;--awb-padding-top:10%;--awb-flex-wrap:wrap;\" ><div class=\"fusion-builder-row fusion-row fusion-flex-align-items-flex-start fusion-flex-content-wrap\" style=\"max-width:88.4%;margin-left: calc(-4% \/ 2 );margin-right: calc(-4% \/ 2 );\"><div class=\"fusion-layout-column fusion_builder_column fusion-builder-column-0 fusion_builder_column_1_1 1_1 fusion-flex-column\" style=\"--awb-bg-size:cover;--awb-width-large:100%;--awb-margin-top-large:0px;--awb-spacing-right-large:1.92%;--awb-margin-bottom-large:20px;--awb-spacing-left-large:1.92%;--awb-width-medium:100%;--awb-order-medium:0;--awb-spacing-right-medium:1.92%;--awb-spacing-left-medium:1.92%;--awb-width-small:100%;--awb-order-small:0;--awb-spacing-right-small:1.92%;--awb-spacing-left-small:1.92%;\"><div class=\"fusion-column-wrapper fusion-column-has-shadow fusion-flex-justify-content-flex-start fusion-content-layout-column\"><div class=\"fusion-separator fusion-full-width-sep\" style=\"align-self: center;margin-left: auto;margin-right: auto;width:100%;\"><div class=\"fusion-separator-border sep-single sep-solid\" style=\"--awb-height:20px;--awb-amount:20px;--awb-sep-color:#777777;border-color:#777777;border-top-width:1px;\"><\/div><\/div><\/div><\/div><\/div><\/div><div class=\"fusion-fullwidth fullwidth-box fusion-builder-row-2 fusion-flex-container nonhundred-percent-fullwidth non-hundred-percent-height-scrolling\" style=\"--awb-border-radius-top-left:0px;--awb-border-radius-top-right:0px;--awb-border-radius-bottom-right:0px;--awb-border-radius-bottom-left:0px;--awb-padding-top:10px;--awb-padding-bottom:10%;--awb-flex-wrap:wrap;\" ><div class=\"fusion-builder-row fusion-row fusion-flex-align-items-flex-start fusion-flex-align-content-center fusion-flex-content-wrap\" style=\"max-width:88.4%;margin-left: calc(-4% \/ 2 );margin-right: calc(-4% \/ 2 );\"><div class=\"fusion-layout-column fusion_builder_column fusion-builder-column-1 fusion_builder_column_2_3 2_3 fusion-flex-column fusion-animated\" style=\"--awb-bg-size:cover;--awb-width-large:66.6666666667%;--awb-margin-top-large:0px;--awb-spacing-right-large:2.88%;--awb-margin-bottom-large:20px;--awb-spacing-left-large:2.88%;--awb-width-medium:66.6666666667%;--awb-order-medium:0;--awb-spacing-right-medium:2.88%;--awb-spacing-left-medium:2.88%;--awb-width-small:100%;--awb-order-small:0;--awb-spacing-right-small:1.92%;--awb-spacing-left-small:1.92%;\" data-animationType=\"fadeInLeft\" data-animationDuration=\"2.0\" data-animationOffset=\"top-into-view\"><div class=\"fusion-column-wrapper fusion-column-has-shadow fusion-flex-justify-content-flex-start fusion-content-layout-column\"><div class=\"fusion-text fusion-text-1\" style=\"--awb-text-transform:none;\"><h1>Impressum<\/h1>\n<\/div><div class=\"fusion-separator fusion-full-width-sep\" style=\"align-self: center;margin-left: auto;margin-right: auto;margin-top:40px;width:100%;\"><\/div><div class=\"fusion-text fusion-text-2\" style=\"--awb-text-transform:none;\"><p><b>Stilobjekt Innenarchitektur &amp; Einrichtungen GmbH<\/b><br \/>\nMeeraner Platz 5<br \/>\n79539 L\u00f6rrach<\/p>\n<p>Handelsregister: HRB 705491<br \/>\nRegistergericht: Registergericht Freiburg<\/p>\n<p><strong>Vertreten durch:<\/strong><br \/>\nAnne-Sophie Hollenw\u00e4ger, Horst Hollenw\u00e4ger<\/p>\n<p><strong>Kontakt<\/strong><br \/>\nTelefon: +49 7621 422 3 421<br \/>\nTelefax: +49 7621 422 3 429<br \/>\nE-Mail: info@stilobjekt.com<\/p>\n<p><strong>Umsatzsteuer-ID<\/strong><br \/>\nUmsatzsteuer-Identifikationsnummer gem\u00e4\u00df \u00a727 a Umsatzsteuergesetz:<br \/>\nDE271902652<\/p>\n<p><strong>Angaben zur Berufshaftpflichtversicherung<\/strong><br \/>\n<strong>Name und Sitz des Versicherers:<\/strong><br \/>\nR+V Allgemeine Versicherung AG<br \/>\nMittlerer Pfad 24<br \/>\n70499 Stuttgart<\/p>\n<p><strong>Geltungsraum der Versicherung:<\/strong><br \/>\nWeltweit ohne USA\/Kanada<\/p>\n<p><strong>Streitschlichtung<\/strong><br \/>\nDie Europ\u00e4ische Kommission stellt eine Plattform zur Online-Streitbeilegung (OS) bereit: <a href=\"https:\/\/ec.europa.eu\/consumers\/odr\" target=\"_blank\" rel=\"noopener noreferrer\">https:\/\/ec.europa.eu\/consumers\/odr<\/a>.<br \/>\nUnsere E-Mail-Adresse finden Sie oben im Impressum.<\/p>\n<p>Wir sind nicht bereit oder verpflichtet, an Streitbeilegungsverfahren vor einer Verbraucherschlichtungsstelle teilzunehmen.<\/p>\n<p><strong>Haftung f\u00fcr Inhalte<\/strong><br \/>\nAls Diensteanbieter sind wir f\u00fcr eigene Inhalte auf diesen Webseiten nach den allgemeinen Gesetzen verantwortlich. Als Diensteanbieter sind wir jedoch nicht verpflichtet, \u00fcbermittelte oder gespeicherte fremde Informationen zu \u00fcberwachen oder nach Umst\u00e4nden zu forschen, die auf eine rechtswidrige T\u00e4tigkeit hinweisen. Verpflichtungen zur Entfernung oder Sperrung der Nutzung von Informationen nach den allgemeinen Gesetzen bleiben hiervon unber\u00fchrt. Eine diesbez\u00fcgliche Haftung ist jedoch erst ab dem Zeitpunkt der Kenntnis einer konkreten Rechtsverletzung m\u00f6glich. Bei Bekanntwerden von entsprechenden Rechtsverletzungen werden wir diese Inhalte umgehend entfernen.<\/p>\n<p><strong>Haftung f\u00fcr Links<\/strong><br \/>\nUnser Angebot enth\u00e4lt Links zu externen Webseiten Dritter, auf deren Inhalte wir keinen Einfluss haben. Deshalb k\u00f6nnen wir f\u00fcr diese fremden Inhalte auch keine Gew\u00e4hr \u00fcbernehmen. F\u00fcr die Inhalte der verlinkten Seiten ist stets der jeweilige Anbieter oder Betreiber der Seiten verantwortlich. Die verlinkten Seiten wurden zum Zeitpunkt der Verlinkung auf m\u00f6gliche Rechtsverst\u00f6\u00dfe \u00fcberpr\u00fcft. Rechtswidrige Inhalte waren zum Zeitpunkt der Verlinkung nicht erkennbar. Eine permanente inhaltliche Kontrolle der verlinkten Seiten ist jedoch ohne konkrete Anhaltspunkte einer Rechtsverletzung nicht zumutbar. Bei Bekanntwerden von Rechtsverletzungen werden wir derartige Links umgehend entfernen.<\/p>\n<p><strong>Urheberrecht<\/strong><br \/>\nDie durch die Seitenbetreiber erstellten Inhalte und Werke auf diesen Seiten unterliegen dem deutschen Urheberrecht. Die Vervielf\u00e4ltigung, Bearbeitung, Verbreitung und jede Art der Verwertung au\u00dferhalb der Grenzen des Urheberrechtes bed\u00fcrfen der schriftlichen Zustimmung des jeweiligen Autors bzw. Erstellers. Downloads und Kopien dieser Seite sind nur f\u00fcr den privaten, nicht kommerziellen Gebrauch gestattet. Soweit die Inhalte auf dieser Seite nicht vom Betreiber erstellt wurden, werden die Urheberrechte Dritter beachtet. Insbesondere werden Inhalte Dritter als solche gekennzeichnet. Sollten Sie trotzdem auf eine Urheberrechtsverletzung aufmerksam werden, bitten wir um einen entsprechenden Hinweis. Bei Bekanntwerden von Rechtsverletzungen werden wir derartige Inhalte umgehend entfernen.<\/p>\n<p><span style=\"color: #000000;\"><strong>Bildnachweise<br \/>\n<\/strong>Markus Edgar Ruf | <a style=\"color: #000000;\" href=\"http:\/\/www.markusruf.de\/\">www.markusruf.de<\/a><br \/>\nEduardo Perez &#8211; <a style=\"color: #000000;\" href=\"http:\/\/www.eduardoperez.de\/\">www.eduardoperez.de<\/a> | Bilder B\u00fcro Wondrous<br \/>\nDejan Jovanovic &#8211; <a style=\"color: #000000;\" href=\"http:\/\/novografika.de\/\">novografika.de<\/a> | Bilder B\u00fcro Wampfler<br \/>\nWeisswert &#8211; <a style=\"color: #000000;\" href=\"http:\/\/www.weisswert.ch\/\">www.weisswert.ch<\/a> | Bilder Privatwohnungen Basel &amp; Privathaus Wollbach<br \/>\nThomas Krauss &#8211; <a style=\"color: #000000;\" href=\"http:\/\/www.krauss.design\/\">www.krauss.design<\/a> | B\u00fcro Wondrous 1<br \/>\nVitra &#8211; <a style=\"color: #000000;\" href=\"http:\/\/www.vitra.com\/\">www.vitra.com<\/a> | Fotos Lounge Chair<br \/>\nNils Holger Moormann &#8211; <a style=\"color: #000000;\" href=\"http:\/\/www.moormann.de\/\">www.moormann.de<\/a> | Bilder Moormann M\u00f6bel<br \/>\nMinotti <a style=\"color: #000000;\" href=\"http:\/\/www.minotti.com\/\">www.minotti.com<\/a> | Bilder Seite Minotti<br \/>\nCOR &#8211; <a style=\"color: #000000;\" href=\"http:\/\/www.cor.de\/\">www.cor.de<\/a> | Bilder COR Seite<\/span><\/p>\n<\/div><\/div><\/div><div class=\"fusion-layout-column fusion_builder_column fusion-builder-column-2 fusion_builder_column_1_3 1_3 fusion-flex-column\" style=\"--awb-bg-size:cover;--awb-width-large:33.3333333333%;--awb-margin-top-large:77px;--awb-spacing-right-large:5.76%;--awb-margin-bottom-large:20px;--awb-spacing-left-large:5.76%;--awb-width-medium:33.3333333333%;--awb-order-medium:0;--awb-spacing-right-medium:5.76%;--awb-spacing-left-medium:5.76%;--awb-width-small:100%;--awb-order-small:0;--awb-spacing-right-small:1.92%;--awb-spacing-left-small:1.92%;\"><div class=\"fusion-column-wrapper fusion-column-has-shadow fusion-flex-justify-content-flex-start fusion-content-layout-column\"><div class=\"fusion-text fusion-text-3\" style=\"--awb-text-transform:none;\"><p>Art Direction, Fotografie<br \/>\nMarkus Edgar Ruf<br \/>\n<a href=\"https:\/\/www.markusruf.de\" target=\"_blank\" rel=\"noopener\">www.markusruf.de<\/a><\/p>\n<p>Webdesign, Programmierung<br \/>\nHerrmann Art<br \/>\n<a href=\"https:\/\/www.herrmann-art.com\" target=\"_blank\" rel=\"noopener\">www.herrmann-art.com<\/a><\/p>\n<p>SEO &#038; Online-Marketing<br \/>\nVanessa von Ostman<br \/>\n<a href=\"https:\/\/onlinemarketing-ostman.de\" rel=\"noopener\" target=\"_blank\">www.onlinemarketing-ostman.de<\/a><\/p>\n<p>Textentwicklung<br \/>\nRado Stecki<\/p>\n<\/div><\/div><\/div><\/div><\/div><\/p>\n","protected":false},"excerpt":{"rendered":"","protected":false},"author":1,"featured_media":0,"parent":0,"menu_order":0,"comment_status":"closed","ping_status":"closed","template":"100-width.php","meta":{"footnotes":""},"class_list":["post-1558","page","type-page","status-publish","hentry"],"yoast_head":"<!-- This site is optimized with the Yoast SEO plugin v27.4 - https:\/\/yoast.com\/product\/yoast-seo-wordpress\/ -->\n<title>Impressum| Interior Design &amp; Interior Architecture | Stilobjekt<\/title>\n<meta name=\"description\" content=\"Impressum for Stilobjekt | Interior architecture &amp; Design. Anne-Sophie u. Horst Hollenw\u00e4ger Meeraner Platz 5 | 79539 L\u00f6rrach\" \/>\n<meta name=\"robots\" content=\"index, follow, max-snippet:-1, max-image-preview:large, max-video-preview:-1\" \/>\n<link rel=\"canonical\" href=\"https:\/\/www.stilobjekt.com\/en\/impressum\/\" \/>\n<meta property=\"og:locale\" content=\"en_US\" \/>\n<meta property=\"og:type\" content=\"article\" \/>\n<meta property=\"og:title\" content=\"Impressum| Interior Design &amp; Interior Architecture | Stilobjekt\" \/>\n<meta property=\"og:description\" content=\"Impressum for Stilobjekt | Interior architecture &amp; Design. Anne-Sophie u. Horst Hollenw\u00e4ger Meeraner Platz 5 | 79539 L\u00f6rrach\" \/>\n<meta property=\"og:url\" content=\"https:\/\/www.stilobjekt.com\/en\/impressum\/\" \/>\n<meta property=\"og:site_name\" content=\"stilobjekt\" \/>\n<meta property=\"article:modified_time\" content=\"2024-08-12T07:53:30+00:00\" \/>\n<meta name=\"twitter:card\" content=\"summary_large_image\" \/>\n<meta name=\"twitter:label1\" content=\"Est. reading time\" \/>\n\t<meta name=\"twitter:data1\" content=\"3 minutes\" \/>\n<script type=\"application\/ld+json\" class=\"yoast-schema-graph\">{\"@context\":\"https:\\\/\\\/schema.org\",\"@graph\":[{\"@type\":\"WebPage\",\"@id\":\"https:\\\/\\\/www.stilobjekt.com\\\/en\\\/impressum\\\/\",\"url\":\"https:\\\/\\\/www.stilobjekt.com\\\/en\\\/impressum\\\/\",\"name\":\"Impressum| Interior Design & Interior Architecture | Stilobjekt\",\"isPartOf\":{\"@id\":\"https:\\\/\\\/www.stilobjekt.com\\\/#website\"},\"datePublished\":\"2022-01-05T11:09:25+00:00\",\"dateModified\":\"2024-08-12T07:53:30+00:00\",\"description\":\"Impressum for Stilobjekt | Interior architecture & Design. Anne-Sophie u. Horst Hollenw\u00e4ger Meeraner Platz 5 | 79539 L\u00f6rrach\",\"breadcrumb\":{\"@id\":\"https:\\\/\\\/www.stilobjekt.com\\\/en\\\/impressum\\\/#breadcrumb\"},\"inLanguage\":\"en-US\",\"potentialAction\":[{\"@type\":\"ReadAction\",\"target\":[\"https:\\\/\\\/www.stilobjekt.com\\\/en\\\/impressum\\\/\"]}]},{\"@type\":\"BreadcrumbList\",\"@id\":\"https:\\\/\\\/www.stilobjekt.com\\\/en\\\/impressum\\\/#breadcrumb\",\"itemListElement\":[{\"@type\":\"ListItem\",\"position\":1,\"name\":\"Startseite\",\"item\":\"https:\\\/\\\/www.stilobjekt.com\\\/\"},{\"@type\":\"ListItem\",\"position\":2,\"name\":\"Impressum\"}]},{\"@type\":\"WebSite\",\"@id\":\"https:\\\/\\\/www.stilobjekt.com\\\/#website\",\"url\":\"https:\\\/\\\/www.stilobjekt.com\\\/\",\"name\":\"stilobjekt\",\"description\":\"\",\"potentialAction\":[{\"@type\":\"SearchAction\",\"target\":{\"@type\":\"EntryPoint\",\"urlTemplate\":\"https:\\\/\\\/www.stilobjekt.com\\\/?s={search_term_string}\"},\"query-input\":{\"@type\":\"PropertyValueSpecification\",\"valueRequired\":true,\"valueName\":\"search_term_string\"}}],\"inLanguage\":\"en-US\"}]}<\/script>\n<!-- \/ Yoast SEO plugin. -->","yoast_head_json":{"title":"Impressum| Interior Design & Interior Architecture | Stilobjekt","description":"Impressum for Stilobjekt | Interior architecture & Design. Anne-Sophie u. Horst Hollenw\u00e4ger Meeraner Platz 5 | 79539 L\u00f6rrach","robots":{"index":"index","follow":"follow","max-snippet":"max-snippet:-1","max-image-preview":"max-image-preview:large","max-video-preview":"max-video-preview:-1"},"canonical":"https:\/\/www.stilobjekt.com\/en\/impressum\/","og_locale":"en_US","og_type":"article","og_title":"Impressum| Interior Design & Interior Architecture | Stilobjekt","og_description":"Impressum for Stilobjekt | Interior architecture & Design. Anne-Sophie u. Horst Hollenw\u00e4ger Meeraner Platz 5 | 79539 L\u00f6rrach","og_url":"https:\/\/www.stilobjekt.com\/en\/impressum\/","og_site_name":"stilobjekt","article_modified_time":"2024-08-12T07:53:30+00:00","twitter_card":"summary_large_image","twitter_misc":{"Est. reading time":"3 minutes"},"schema":{"@context":"https:\/\/schema.org","@graph":[{"@type":"WebPage","@id":"https:\/\/www.stilobjekt.com\/en\/impressum\/","url":"https:\/\/www.stilobjekt.com\/en\/impressum\/","name":"Impressum| Interior Design & Interior Architecture | Stilobjekt","isPartOf":{"@id":"https:\/\/www.stilobjekt.com\/#website"},"datePublished":"2022-01-05T11:09:25+00:00","dateModified":"2024-08-12T07:53:30+00:00","description":"Impressum for Stilobjekt | Interior architecture & Design. Anne-Sophie u. Horst Hollenw\u00e4ger Meeraner Platz 5 | 79539 L\u00f6rrach","breadcrumb":{"@id":"https:\/\/www.stilobjekt.com\/en\/impressum\/#breadcrumb"},"inLanguage":"en-US","potentialAction":[{"@type":"ReadAction","target":["https:\/\/www.stilobjekt.com\/en\/impressum\/"]}]},{"@type":"BreadcrumbList","@id":"https:\/\/www.stilobjekt.com\/en\/impressum\/#breadcrumb","itemListElement":[{"@type":"ListItem","position":1,"name":"Startseite","item":"https:\/\/www.stilobjekt.com\/"},{"@type":"ListItem","position":2,"name":"Impressum"}]},{"@type":"WebSite","@id":"https:\/\/www.stilobjekt.com\/#website","url":"https:\/\/www.stilobjekt.com\/","name":"stilobjekt","description":"","potentialAction":[{"@type":"SearchAction","target":{"@type":"EntryPoint","urlTemplate":"https:\/\/www.stilobjekt.com\/?s={search_term_string}"},"query-input":{"@type":"PropertyValueSpecification","valueRequired":true,"valueName":"search_term_string"}}],"inLanguage":"en-US"}]}},"_links":{"self":[{"href":"https:\/\/www.stilobjekt.com\/en\/wp-json\/wp\/v2\/pages\/1558","targetHints":{"allow":["GET"]}}],"collection":[{"href":"https:\/\/www.stilobjekt.com\/en\/wp-json\/wp\/v2\/pages"}],"about":[{"href":"https:\/\/www.stilobjekt.com\/en\/wp-json\/wp\/v2\/types\/page"}],"author":[{"embeddable":true,"href":"https:\/\/www.stilobjekt.com\/en\/wp-json\/wp\/v2\/users\/1"}],"replies":[{"embeddable":true,"href":"https:\/\/www.stilobjekt.com\/en\/wp-json\/wp\/v2\/comments?post=1558"}],"version-history":[{"count":5,"href":"https:\/\/www.stilobjekt.com\/en\/wp-json\/wp\/v2\/pages\/1558\/revisions"}],"predecessor-version":[{"id":2260,"href":"https:\/\/www.stilobjekt.com\/en\/wp-json\/wp\/v2\/pages\/1558\/revisions\/2260"}],"wp:attachment":[{"href":"https:\/\/www.stilobjekt.com\/en\/wp-json\/wp\/v2\/media?parent=1558"}],"curies":[{"name":"wp","href":"https:\/\/api.w.org\/{rel}","templated":true}]}}